{"version":"1.0","provider_name":"Luis Na\u00f3n \/ compositeur","provider_url":"https:\/\/luisnaon.com\/en\/","title":"Clairi\u00e8re II (2013) (Urbana 14.b) - Luis Na\u00f3n \/ compositeur","type":"rich","width":600,"height":338,"html":"<blockquote class=\"wp-embedded-content\" data-secret=\"MXCjPu22bu\"><a href=\"https:\/\/luisnaon.com\/en\/clairiere-ii-2013-urbana-14-b\/\">Clairi\u00e8re II (2013) (Urbana 14.b)<\/a><\/blockquote><iframe sandbox=\"allow-scripts\" security=\"restricted\" src=\"https:\/\/luisnaon.com\/en\/clairiere-ii-2013-urbana-14-b\/embed\/#?secret=MXCjPu22bu\" width=\"600\" height=\"338\" title=\"&#8220;Clairi\u00e8re II (2013) (Urbana 14.b)&#8221; &#8212; Luis Na\u00f3n \/ compositeur\" data-secret=\"MXCjPu22bu\" frameborder=\"0\" marginwidth=\"0\" marginheight=\"0\" scrolling=\"no\" class=\"wp-embedded-content\"><\/iframe><script>\n\/*! This file is auto-generated *\/\n!function(d,l){\"use strict\";l.querySelector&&d.addEventListener&&\"undefined\"!=typeof URL&&(d.wp=d.wp||{},d.wp.receiveEmbedMessage||(d.wp.receiveEmbedMessage=function(e){var t=e.data;if((t||t.secret||t.message||t.value)&&!\/[^a-zA-Z0-9]\/.test(t.secret)){for(var s,r,n,a=l.querySelectorAll('iframe[data-secret=\"'+t.secret+'\"]'),o=l.querySelectorAll('blockquote[data-secret=\"'+t.secret+'\"]'),c=new RegExp(\"^https?:$\",\"i\"),i=0;i<o.length;i++)o[i].style.display=\"none\";for(i=0;i<a.length;i++)s=a[i],e.source===s.contentWindow&&(s.removeAttribute(\"style\"),\"height\"===t.message?(1e3<(r=parseInt(t.value,10))?r=1e3:~~r<200&&(r=200),s.height=r):\"link\"===t.message&&(r=new URL(s.getAttribute(\"src\")),n=new URL(t.value),c.test(n.protocol))&&n.host===r.host&&l.activeElement===s&&(d.top.location.href=t.value))}},d.addEventListener(\"message\",d.wp.receiveEmbedMessage,!1),l.addEventListener(\"DOMContentLoaded\",function(){for(var e,t,s=l.querySelectorAll(\"iframe.wp-embedded-content\"),r=0;r<s.length;r++)(t=(e=s[r]).getAttribute(\"data-secret\"))||(t=Math.random().toString(36).substring(2,12),e.src+=\"#?secret=\"+t,e.setAttribute(\"data-secret\",t)),e.contentWindow.postMessage({message:\"ready\",secret:t},\"*\")},!1)))}(window,document);\n\/\/# sourceURL=https:\/\/luisnaon.com\/wp-includes\/js\/wp-embed.min.js\n<\/script>\n","description":"Pour clarinette seule Dur\u00e9e : circa 6 min 40 Pour le clarinettiste Philippe Berrod. Il s\u2019agit d\u2019une version pour clarinette sib seule, sensiblement raccourcie de Clairi\u00e8re. Version r\u00e9alis\u00e9e \u00e0 la demande du d\u00e9dicataire Philippe Berrod. Elle lui est \u00e9galement d\u00e9di\u00e9e et publi\u00e9e chez Babelscores. Clairi\u00e8re &#8211;\u00a0Luis Na\u00f3n Elodie Roudet, clarinette [ Cycle Urbana ] [ &hellip; Continue reading &rarr;","thumbnail_url":"https:\/\/luisnaon.com\/wp-content\/uploads\/2014\/10\/logo_babel_copie.png"}