{"version":"1.0","provider_name":"Luis Na\u00f3n \/ compositeur","provider_url":"https:\/\/luisnaon.com\/en\/","title":"The Princesses - Luis Na\u00f3n \/ compositeur","type":"rich","width":600,"height":338,"html":"<blockquote class=\"wp-embedded-content\" data-secret=\"eyfRIZEY4A\"><a href=\"https:\/\/luisnaon.com\/en\/the-princesses\/\">The Princesses<\/a><\/blockquote><iframe sandbox=\"allow-scripts\" security=\"restricted\" src=\"https:\/\/luisnaon.com\/en\/the-princesses\/embed\/#?secret=eyfRIZEY4A\" width=\"600\" height=\"338\" title=\"&#8220;The Princesses&#8221; &#8212; Luis Na\u00f3n \/ compositeur\" data-secret=\"eyfRIZEY4A\" frameborder=\"0\" marginwidth=\"0\" marginheight=\"0\" scrolling=\"no\" class=\"wp-embedded-content\"><\/iframe><script>\n\/*! This file is auto-generated *\/\n!function(d,l){\"use strict\";l.querySelector&&d.addEventListener&&\"undefined\"!=typeof URL&&(d.wp=d.wp||{},d.wp.receiveEmbedMessage||(d.wp.receiveEmbedMessage=function(e){var t=e.data;if((t||t.secret||t.message||t.value)&&!\/[^a-zA-Z0-9]\/.test(t.secret)){for(var s,r,n,a=l.querySelectorAll('iframe[data-secret=\"'+t.secret+'\"]'),o=l.querySelectorAll('blockquote[data-secret=\"'+t.secret+'\"]'),c=new RegExp(\"^https?:$\",\"i\"),i=0;i<o.length;i++)o[i].style.display=\"none\";for(i=0;i<a.length;i++)s=a[i],e.source===s.contentWindow&&(s.removeAttribute(\"style\"),\"height\"===t.message?(1e3<(r=parseInt(t.value,10))?r=1e3:~~r<200&&(r=200),s.height=r):\"link\"===t.message&&(r=new URL(s.getAttribute(\"src\")),n=new URL(t.value),c.test(n.protocol))&&n.host===r.host&&l.activeElement===s&&(d.top.location.href=t.value))}},d.addEventListener(\"message\",d.wp.receiveEmbedMessage,!1),l.addEventListener(\"DOMContentLoaded\",function(){for(var e,t,s=l.querySelectorAll(\"iframe.wp-embedded-content\"),r=0;r<s.length;r++)(t=(e=s[r]).getAttribute(\"data-secret\"))||(t=Math.random().toString(36).substring(2,12),e.src+=\"#?secret=\"+t,e.setAttribute(\"data-secret\",t)),e.contentWindow.postMessage({message:\"ready\",secret:t},\"*\")},!1)))}(window,document);\n\/\/# sourceURL=https:\/\/luisnaon.com\/wp-includes\/js\/wp-embed.min.js\n<\/script>\n","description":"\u00c9v\u00e9nement Chor\u00e9graphique et Musical C\u2019est avec un grand plaisir que je participe \u00e0 ce projet artistique. En effet, l\u2019ambition de ce spectacle, au-del\u00e0 de la d\u00e9couverte d\u2019un nouvel espace, le th\u00e9\u00e2tre de Poitiers, destin\u00e9 \u00e0 la diffusion artistique en g\u00e9n\u00e9ral, est la r\u00e9union d\u2019un ensemble marquant la cr\u00e9ation chor\u00e9graphique depuis les ann\u00e9es 80.","thumbnail_url":"https:\/\/luisnaon.com\/wp-content\/uploads\/2014\/11\/cadre_agenda3.jpg","thumbnail_width":700,"thumbnail_height":240}